{"id":1068,"date":"2026-04-27T09:52:02","date_gmt":"2026-04-27T07:52:02","guid":{"rendered":"https:\/\/www.talentorbit.de\/?page_id=1068"},"modified":"2026-04-28T10:27:05","modified_gmt":"2026-04-28T08:27:05","slug":"caregiver-process-check-for-employers","status":"publish","type":"page","link":"https:\/\/www.talentorbit.de\/en\/pflegekraefte-verfahrenscheck-fuer-arbeitgeber\/","title":{"rendered":"Nurse Procedure Check for Employers"},"content":{"rendered":"<p>Nicht jeder Fall passt automatisch in das beschleunigte Fachkr\u00e4fteverfahren. Entscheidend ist nicht nur, ob \u00a7 81a AufenthG theoretisch m\u00f6glich ist, sondern ob dieser Weg im konkreten Fall tats\u00e4chlich einen praktischen Vorteil bringt. Genau dabei hilft dieser Verfahrenscheck.<\/p>\n<p>Mit dem Formular erhalten Arbeitgeber, Kliniken und Recruiter eine erste Orientierung, welcher Weg f\u00fcr eine internationale Pflegekraft voraussichtlich passt: beschleunigtes Fachkr\u00e4fteverfahren, regul\u00e4res Visumverfahren, Einreise zur Qualifizierung oder ein alternativer qualifikationsbezogener Pfad. Der Check ersetzt keine Einzelfallpr\u00fcfung, hilft aber dabei, typische Fehlstarts fr\u00fch zu vermeiden und die n\u00e4chsten Schritte sauber vorzubereiten.<\/p>\n<p>Der Fokus liegt auf den Fragen, die in der Praxis wirklich entscheidend sind: Drittstaatsbezug, Aufenthaltsort, Visumstatus, Dokumentenlage, Anerkennungsstand und Ziel der Einreise. So erhalten Sie nicht nur ein Ergebnis, sondern auch eine klarere Entscheidungsgrundlage f\u00fcr das weitere Vorgehen.<\/p>\n<div class=\"frm_forms  with_frm_style frm_style_sleek-smooth-style\" id=\"frm_form_3_container\" data-token=\"717fecf36691dbc911d11583491ead02\">\n<form enctype=\"multipart\/form-data\" method=\"post\" class=\"frm-show-form  frm_pro_form \" id=\"form_msbwo\" data-token=\"717fecf36691dbc911d11583491ead02\">\n<div class=\"frm_form_fields  frm_page_num_1\">\n<fieldset>\n<legend class=\"frm_screen_reader\">Pflegekr\u00e4fte-Verfahrenscheck f\u00fcr Arbeitgeber<\/legend>\r\n<h3 class=\"frm_form_title\">Pflegekr\u00e4fte-Verfahrenscheck f\u00fcr Arbeitgeber<\/h3>\r\n<div class=\"frm_description\"><p>Mit diesem Check pr\u00fcfen Sie, welcher Verfahrensweg f\u00fcr Ihre internationale Pflegekraft voraussichtlich passt.<\/p>\n<\/div><div class=\"frm_fields_container\">\n<input type=\"hidden\" name=\"frm_action\" value=\"create\" \/>\n<input type=\"hidden\" name=\"form_id\" value=\"3\" \/>\n<input type=\"hidden\" name=\"frm_hide_fields_3\" id=\"frm_hide_fields_3\" value=\"\" \/>\n<input type=\"hidden\" name=\"form_key\" value=\"msbwo\" \/>\n<input type=\"hidden\" name=\"item_meta[0]\" value=\"\" \/>\n<input type=\"hidden\" id=\"frm_submit_entry_3\" name=\"frm_submit_entry_3\" value=\"f50b5a220e\" \/><input type=\"hidden\" name=\"_wp_http_referer\" value=\"\/en\/wp-json\/wp\/v2\/pages\/1068\" \/><div id=\"frm_field_24_container\" class=\"frm_form_field frm_section_heading form-field \">\n<h3 class=\"frm_pos_top frm_section_spacing\">EU-\/Drittstaaten- und Zugangsvoraussetzungen<\/h3>\n\n\n<div id=\"frm_field_15_container\" class=\"frm_form_field form-field  frm_required_field frm_top_container frm12 frm_first vertical_radio\">\n\t<div  id=\"field_280pg_label\" class=\"frm_primary_label\">Besitzt die Pflegekraft die Staatsangeh\u00f6rigkeit eines EU-\/EWR-Staates oder der Schweiz?\n\t\t<span class=\"frm_required\" aria-hidden=\"true\">*<\/span>\n\t<\/div>\n\t<div class=\"frm_opt_container\" aria-labelledby=\"field_280pg_label\" role=\"radiogroup\" aria-required=\"true\">\t\t<div class=\"frm_radio\" id=\"frm_radio_15-24-0\">\t\t\t<label  for=\"field_280pg-0\">\n\t\t\t\t\t<input type=\"radio\" name=\"item_meta[15]\" id=\"field_280pg-0\" value=\"Ja\"\n\t\t data-sectionid=\"24\"  data-reqmsg=\"Besitzt die Pflegekraft die Staatsangeh\u00f6rigkeit eines EU-\/EWR-Staates oder der Schweiz? cannot be blank.\" data-invmsg=\"Besitzt die Pflegekraft die Staatsangeh\u00f6rigkeit eines EU-\/EWR-Staates oder der Schweiz? is invalid\"   \/> Ja<\/label><\/div>\n\t\t<div class=\"frm_radio\" id=\"frm_radio_15-24-1\">\t\t\t<label  for=\"field_280pg-1\">\n\t\t\t\t\t<input type=\"radio\" name=\"item_meta[15]\" id=\"field_280pg-1\" value=\"Nein\"\n\t\t data-sectionid=\"24\"  data-reqmsg=\"Besitzt die Pflegekraft die Staatsangeh\u00f6rigkeit eines EU-\/EWR-Staates oder der Schweiz? cannot be blank.\" data-invmsg=\"Besitzt die Pflegekraft die Staatsangeh\u00f6rigkeit eines EU-\/EWR-Staates oder der Schweiz? is invalid\"   \/> Nein<\/label><\/div>\n\t\t<div class=\"frm_radio\" id=\"frm_radio_15-24-2\">\t\t\t<label  for=\"field_280pg-2\">\n\t\t\t\t\t<input type=\"radio\" name=\"item_meta[15]\" id=\"field_280pg-2\" value=\"Unklar\"\n\t\t data-sectionid=\"24\"  data-reqmsg=\"Besitzt die Pflegekraft die Staatsangeh\u00f6rigkeit eines EU-\/EWR-Staates oder der Schweiz? cannot be blank.\" data-invmsg=\"Besitzt die Pflegekraft die Staatsangeh\u00f6rigkeit eines EU-\/EWR-Staates oder der Schweiz? is invalid\"   \/> Unklar<\/label><\/div>\n<\/div>\n\t\n\t\n<\/div>\n<div id=\"frm_field_16_container\" class=\"frm_form_field form-field  frm_required_field frm_top_container frm12 frm_first vertical_radio\">\n\t<div  id=\"field_4lsax_label\" class=\"frm_primary_label\">Handelt es sich um eine Drittstaatsangeh\u00f6rige bzw. einen Drittstaatsangeh\u00f6rigen, f\u00fcr den grunds\u00e4tzlich ein visumrelevantes Einreiseverfahren erforderlich ist?\n\t\t<span class=\"frm_required\" aria-hidden=\"true\">*<\/span>\n\t<\/div>\n\t<div class=\"frm_opt_container\" aria-labelledby=\"field_4lsax_label\" role=\"radiogroup\" aria-required=\"true\">\t\t<div class=\"frm_radio\" id=\"frm_radio_16-24-0\">\t\t\t<label  for=\"field_4lsax-0\">\n\t\t\t\t\t<input type=\"radio\" name=\"item_meta[16]\" id=\"field_4lsax-0\" value=\"Ja\"\n\t\t data-sectionid=\"24\"  data-reqmsg=\"Handelt es sich um eine Drittstaatsangeh\u00f6rige bzw. einen Drittstaatsangeh\u00f6rigen, f\u00fcr den grunds\u00e4tzlich ein visumrelevantes Einreiseverfahren erforderlich ist? cannot be blank.\" data-invmsg=\"Handelt es sich um eine Drittstaatsangeh\u00f6rige bzw. einen Drittstaatsangeh\u00f6rigen, f\u00fcr den grunds\u00e4tzlich ein visumrelevantes Einreiseverfahren erforderlich ist? is invalid\"   \/> Ja<\/label><\/div>\n\t\t<div class=\"frm_radio\" id=\"frm_radio_16-24-1\">\t\t\t<label  for=\"field_4lsax-1\">\n\t\t\t\t\t<input type=\"radio\" name=\"item_meta[16]\" id=\"field_4lsax-1\" value=\"Nein\"\n\t\t data-sectionid=\"24\"  data-reqmsg=\"Handelt es sich um eine Drittstaatsangeh\u00f6rige bzw. einen Drittstaatsangeh\u00f6rigen, f\u00fcr den grunds\u00e4tzlich ein visumrelevantes Einreiseverfahren erforderlich ist? cannot be blank.\" data-invmsg=\"Handelt es sich um eine Drittstaatsangeh\u00f6rige bzw. einen Drittstaatsangeh\u00f6rigen, f\u00fcr den grunds\u00e4tzlich ein visumrelevantes Einreiseverfahren erforderlich ist? is invalid\"   \/> Nein<\/label><\/div>\n\t\t<div class=\"frm_radio\" id=\"frm_radio_16-24-2\">\t\t\t<label  for=\"field_4lsax-2\">\n\t\t\t\t\t<input type=\"radio\" name=\"item_meta[16]\" id=\"field_4lsax-2\" value=\"Unklar\"\n\t\t data-sectionid=\"24\"  data-reqmsg=\"Handelt es sich um eine Drittstaatsangeh\u00f6rige bzw. einen Drittstaatsangeh\u00f6rigen, f\u00fcr den grunds\u00e4tzlich ein visumrelevantes Einreiseverfahren erforderlich ist? cannot be blank.\" data-invmsg=\"Handelt es sich um eine Drittstaatsangeh\u00f6rige bzw. einen Drittstaatsangeh\u00f6rigen, f\u00fcr den grunds\u00e4tzlich ein visumrelevantes Einreiseverfahren erforderlich ist? is invalid\"   \/> Unklar<\/label><\/div>\n<\/div>\n\t\n\t\n<\/div>\n<div id=\"frm_field_18_container\" class=\"frm_form_field form-field  frm_required_field frm_top_container vertical_radio\">\n\t<div  id=\"field_t22fk_label\" class=\"frm_primary_label\">Befindet sich die Pflegekraft derzeit noch im Ausland?\n\t\t<span class=\"frm_required\" aria-hidden=\"true\">*<\/span>\n\t<\/div>\n\t<div class=\"frm_opt_container\" aria-labelledby=\"field_t22fk_label\" role=\"radiogroup\" aria-required=\"true\">\t\t<div class=\"frm_radio\" id=\"frm_radio_18-24-0\">\t\t\t<label  for=\"field_t22fk-0\">\n\t\t\t\t\t<input type=\"radio\" name=\"item_meta[18]\" id=\"field_t22fk-0\" value=\"Ja\"\n\t\t data-sectionid=\"24\"  data-reqmsg=\"Befindet sich die Pflegekraft derzeit noch im Ausland? cannot be blank.\" data-invmsg=\"Befindet sich die Pflegekraft derzeit noch im Ausland? is invalid\"   \/> Ja<\/label><\/div>\n\t\t<div class=\"frm_radio\" id=\"frm_radio_18-24-1\">\t\t\t<label  for=\"field_t22fk-1\">\n\t\t\t\t\t<input type=\"radio\" name=\"item_meta[18]\" id=\"field_t22fk-1\" value=\"Nein\"\n\t\t data-sectionid=\"24\"  data-reqmsg=\"Befindet sich die Pflegekraft derzeit noch im Ausland? cannot be blank.\" data-invmsg=\"Befindet sich die Pflegekraft derzeit noch im Ausland? is invalid\"   \/> Nein<\/label><\/div>\n<\/div>\n\t\n\t\n<\/div>\n<div id=\"frm_field_19_container\" class=\"frm_form_field form-field  frm_required_field frm_top_container vertical_radio\">\n\t<div  id=\"field_we5dx_label\" class=\"frm_primary_label\">Wurde bereits ein Visumantrag bei einer deutschen Auslandsvertretung gestellt?\n\t\t<span class=\"frm_required\" aria-hidden=\"true\">*<\/span>\n\t<\/div>\n\t<div class=\"frm_opt_container\" aria-labelledby=\"field_we5dx_label\" role=\"radiogroup\" aria-required=\"true\">\t\t<div class=\"frm_radio\" id=\"frm_radio_19-24-0\">\t\t\t<label  for=\"field_we5dx-0\">\n\t\t\t\t\t<input type=\"radio\" name=\"item_meta[19]\" id=\"field_we5dx-0\" value=\"Ja\"\n\t\t data-sectionid=\"24\"  data-reqmsg=\"Wurde bereits ein Visumantrag bei einer deutschen Auslandsvertretung gestellt? cannot be blank.\" data-invmsg=\"Wurde bereits ein Visumantrag bei einer deutschen Auslandsvertretung gestellt? is invalid\"   \/> Ja<\/label><\/div>\n\t\t<div class=\"frm_radio\" id=\"frm_radio_19-24-1\">\t\t\t<label  for=\"field_we5dx-1\">\n\t\t\t\t\t<input type=\"radio\" name=\"item_meta[19]\" id=\"field_we5dx-1\" value=\"Nein\"\n\t\t data-sectionid=\"24\"  data-reqmsg=\"Wurde bereits ein Visumantrag bei einer deutschen Auslandsvertretung gestellt? cannot be blank.\" data-invmsg=\"Wurde bereits ein Visumantrag bei einer deutschen Auslandsvertretung gestellt? is invalid\"   \/> Nein<\/label><\/div>\n\t\t<div class=\"frm_radio\" id=\"frm_radio_19-24-2\">\t\t\t<label  for=\"field_we5dx-2\">\n\t\t\t\t\t<input type=\"radio\" name=\"item_meta[19]\" id=\"field_we5dx-2\" value=\"Unklar\"\n\t\t data-sectionid=\"24\"  data-reqmsg=\"Wurde bereits ein Visumantrag bei einer deutschen Auslandsvertretung gestellt? cannot be blank.\" data-invmsg=\"Wurde bereits ein Visumantrag bei einer deutschen Auslandsvertretung gestellt? is invalid\"   \/> Unklar<\/label><\/div>\n<\/div>\n\t\n\t\n<\/div>\n<div id=\"frm_field_29_container\" class=\"frm_form_field form-field  frm_required_field frm_top_container vertical_radio\">\n\t<div  id=\"field_1pdts_label\" class=\"frm_primary_label\">Liegt ein konkretes Arbeitsplatzangebot oder ein unterschriebener Arbeitsvertrag vor?\n\t\t<span class=\"frm_required\" aria-hidden=\"true\">*<\/span>\n\t<\/div>\n\t<div class=\"frm_opt_container\" aria-labelledby=\"field_1pdts_label\" role=\"radiogroup\" aria-required=\"true\">\t\t<div class=\"frm_radio\" id=\"frm_radio_29-24-0\">\t\t\t<label  for=\"field_1pdts-0\">\n\t\t\t\t\t<input type=\"radio\" name=\"item_meta[29]\" id=\"field_1pdts-0\" value=\"Ja, unterschriebener Arbeitsvertrag liegt vor\"\n\t\t data-sectionid=\"24\"  data-reqmsg=\"Liegt ein konkretes Arbeitsplatzangebot oder ein unterschriebener Arbeitsvertrag vor? cannot be blank.\" data-invmsg=\"Liegt ein konkretes Arbeitsplatzangebot oder ein unterschriebener Arbeitsvertrag vor? is invalid\"   \/> Ja, unterschriebener Arbeitsvertrag liegt vor<\/label><\/div>\n\t\t<div class=\"frm_radio\" id=\"frm_radio_29-24-1\">\t\t\t<label  for=\"field_1pdts-1\">\n\t\t\t\t\t<input type=\"radio\" name=\"item_meta[29]\" id=\"field_1pdts-1\" value=\"Ja, verbindliches Arbeitsplatzangebot liegt vor\"\n\t\t data-sectionid=\"24\"  data-reqmsg=\"Liegt ein konkretes Arbeitsplatzangebot oder ein unterschriebener Arbeitsvertrag vor? cannot be blank.\" data-invmsg=\"Liegt ein konkretes Arbeitsplatzangebot oder ein unterschriebener Arbeitsvertrag vor? is invalid\"   \/> Ja, verbindliches Arbeitsplatzangebot liegt vor<\/label><\/div>\n\t\t<div class=\"frm_radio\" id=\"frm_radio_29-24-2\">\t\t\t<label  for=\"field_1pdts-2\">\n\t\t\t\t\t<input type=\"radio\" name=\"item_meta[29]\" id=\"field_1pdts-2\" value=\"Nein\"\n\t\t data-sectionid=\"24\"  data-reqmsg=\"Liegt ein konkretes Arbeitsplatzangebot oder ein unterschriebener Arbeitsvertrag vor? cannot be blank.\" data-invmsg=\"Liegt ein konkretes Arbeitsplatzangebot oder ein unterschriebener Arbeitsvertrag vor? is invalid\"   \/> Nein<\/label><\/div>\n<\/div>\n\t\n\t\n<\/div>\n<div id=\"frm_field_21_container\" class=\"frm_form_field form-field  frm_required_field frm_top_container vertical_radio\">\n\t<div  id=\"field_ng8oh_label\" class=\"frm_primary_label\">Liegt eine schriftliche Vollmacht der Pflegekraft vor?\n\t\t<span class=\"frm_required\" aria-hidden=\"true\">*<\/span>\n\t<\/div>\n\t<div class=\"frm_opt_container\" aria-labelledby=\"field_ng8oh_label\" role=\"radiogroup\" aria-required=\"true\">\t\t<div class=\"frm_radio\" id=\"frm_radio_21-24-0\">\t\t\t<label  for=\"field_ng8oh-0\">\n\t\t\t\t\t<input type=\"radio\" name=\"item_meta[21]\" id=\"field_ng8oh-0\" value=\"Ja\"\n\t\t data-sectionid=\"24\"  data-reqmsg=\"Liegt eine schriftliche Vollmacht der Pflegekraft vor? cannot be blank.\" data-invmsg=\"Liegt eine schriftliche Vollmacht der Pflegekraft vor? is invalid\"   \/> Ja<\/label><\/div>\n\t\t<div class=\"frm_radio\" id=\"frm_radio_21-24-1\">\t\t\t<label  for=\"field_ng8oh-1\">\n\t\t\t\t\t<input type=\"radio\" name=\"item_meta[21]\" id=\"field_ng8oh-1\" value=\"Nein\"\n\t\t data-sectionid=\"24\"  data-reqmsg=\"Liegt eine schriftliche Vollmacht der Pflegekraft vor? cannot be blank.\" data-invmsg=\"Liegt eine schriftliche Vollmacht der Pflegekraft vor? is invalid\"   \/> Nein<\/label><\/div>\n\t\t<div class=\"frm_radio\" id=\"frm_radio_21-24-2\">\t\t\t<label  for=\"field_ng8oh-2\">\n\t\t\t\t\t<input type=\"radio\" name=\"item_meta[21]\" id=\"field_ng8oh-2\" value=\"Noch nicht, aber kurzfristig beschaffbar\"\n\t\t data-sectionid=\"24\"  data-reqmsg=\"Liegt eine schriftliche Vollmacht der Pflegekraft vor? cannot be blank.\" data-invmsg=\"Liegt eine schriftliche Vollmacht der Pflegekraft vor? is invalid\"   \/> Noch nicht, aber kurzfristig beschaffbar<\/label><\/div>\n<\/div>\n\t\n\t\n<\/div>\n<div id=\"frm_field_22_container\" class=\"frm_form_field form-field  frm_required_field frm_top_container vertical_radio\">\n\t<div  id=\"field_4cr9c_label\" class=\"frm_primary_label\">Sind die grundlegenden Kerndokumente bereits vorhanden oder kurzfristig beschaffbar?\n\t\t<span class=\"frm_required\" aria-hidden=\"true\">*<\/span>\n\t<\/div>\n\t<div class=\"frm_opt_container\" aria-labelledby=\"field_4cr9c_label\" role=\"radiogroup\" aria-required=\"true\">\t\t<div class=\"frm_radio\" id=\"frm_radio_22-24-0\">\t\t\t<label  for=\"field_4cr9c-0\">\n\t\t\t\t\t<input type=\"radio\" name=\"item_meta[22]\" id=\"field_4cr9c-0\" value=\"Ja, weitgehend vollst\u00e4ndig\"\n\t\t data-sectionid=\"24\"  data-reqmsg=\"Sind die grundlegenden Kerndokumente bereits vorhanden oder kurzfristig beschaffbar? cannot be blank.\" data-invmsg=\"Sind die grundlegenden Kerndokumente bereits vorhanden oder kurzfristig beschaffbar? is invalid\"   \/> Ja, weitgehend vollst\u00e4ndig<\/label><\/div>\n\t\t<div class=\"frm_radio\" id=\"frm_radio_22-24-1\">\t\t\t<label  for=\"field_4cr9c-1\">\n\t\t\t\t\t<input type=\"radio\" name=\"item_meta[22]\" id=\"field_4cr9c-1\" value=\"Teilweise\"\n\t\t data-sectionid=\"24\"  data-reqmsg=\"Sind die grundlegenden Kerndokumente bereits vorhanden oder kurzfristig beschaffbar? cannot be blank.\" data-invmsg=\"Sind die grundlegenden Kerndokumente bereits vorhanden oder kurzfristig beschaffbar? is invalid\"   \/> Teilweise<\/label><\/div>\n\t\t<div class=\"frm_radio\" id=\"frm_radio_22-24-2\">\t\t\t<label  for=\"field_4cr9c-2\">\n\t\t\t\t\t<input type=\"radio\" name=\"item_meta[22]\" id=\"field_4cr9c-2\" value=\"Nein\"\n\t\t data-sectionid=\"24\"  data-reqmsg=\"Sind die grundlegenden Kerndokumente bereits vorhanden oder kurzfristig beschaffbar? cannot be blank.\" data-invmsg=\"Sind die grundlegenden Kerndokumente bereits vorhanden oder kurzfristig beschaffbar? is invalid\"   \/> Nein<\/label><\/div>\n<\/div>\n\t\n\t\n<\/div>\n<div id=\"frm_field_23_container\" class=\"frm_form_field form-field  frm_required_field frm_top_container vertical_radio\">\n\t<div  id=\"field_61e9q_label\" class=\"frm_primary_label\">Handelt es sich um eine reglementierte Pflegequalifikation, f\u00fcr die Anerkennung oder Berufserlaubnis erforderlich ist?\n\t\t<span class=\"frm_required\" aria-hidden=\"true\">*<\/span>\n\t<\/div>\n\t<div class=\"frm_opt_container\" aria-labelledby=\"field_61e9q_label\" role=\"radiogroup\" aria-required=\"true\">\t\t<div class=\"frm_radio\" id=\"frm_radio_23-24-0\">\t\t\t<label  for=\"field_61e9q-0\">\n\t\t\t\t\t<input type=\"radio\" name=\"item_meta[23]\" id=\"field_61e9q-0\" value=\"Ja\"\n\t\t data-sectionid=\"24\"  data-reqmsg=\"Handelt es sich um eine reglementierte Pflegequalifikation, f\u00fcr die Anerkennung oder Berufserlaubnis erforderlich ist? cannot be blank.\" data-invmsg=\"Handelt es sich um eine reglementierte Pflegequalifikation, f\u00fcr die Anerkennung oder Berufserlaubnis erforderlich ist? is invalid\"   \/> Ja<\/label><\/div>\n\t\t<div class=\"frm_radio\" id=\"frm_radio_23-24-1\">\t\t\t<label  for=\"field_61e9q-1\">\n\t\t\t\t\t<input type=\"radio\" name=\"item_meta[23]\" id=\"field_61e9q-1\" value=\"Nein\"\n\t\t data-sectionid=\"24\"  data-reqmsg=\"Handelt es sich um eine reglementierte Pflegequalifikation, f\u00fcr die Anerkennung oder Berufserlaubnis erforderlich ist? cannot be blank.\" data-invmsg=\"Handelt es sich um eine reglementierte Pflegequalifikation, f\u00fcr die Anerkennung oder Berufserlaubnis erforderlich ist? is invalid\"   \/> Nein<\/label><\/div>\n\t\t<div class=\"frm_radio\" id=\"frm_radio_23-24-2\">\t\t\t<label  for=\"field_61e9q-2\">\n\t\t\t\t\t<input type=\"radio\" name=\"item_meta[23]\" id=\"field_61e9q-2\" value=\"Unklar\"\n\t\t data-sectionid=\"24\"  data-reqmsg=\"Handelt es sich um eine reglementierte Pflegequalifikation, f\u00fcr die Anerkennung oder Berufserlaubnis erforderlich ist? cannot be blank.\" data-invmsg=\"Handelt es sich um eine reglementierte Pflegequalifikation, f\u00fcr die Anerkennung oder Berufserlaubnis erforderlich ist? is invalid\"   \/> Unklar<\/label><\/div>\n<\/div>\n\t\n\t\n<\/div>\n<\/div>\n<div id=\"frm_field_26_container\" class=\"frm_form_field frm_section_heading form-field \">\n<h3 class=\"frm_pos_top frm_section_spacing\">Strategische Verfahrenswahl<\/h3>\n\n\n<div id=\"frm_field_28_container\" class=\"frm_form_field form-field  frm_required_field frm_top_container frm6 frm_first vertical_radio\">\n\t<div  id=\"field_s1exi_label\" class=\"frm_primary_label\">Wie ist der aktuelle Stand der Anerkennung?\n\t\t<span class=\"frm_required\" aria-hidden=\"true\">*<\/span>\n\t<\/div>\n\t<div class=\"frm_opt_container\" aria-labelledby=\"field_s1exi_label\" role=\"radiogroup\" aria-required=\"true\">\t\t<div class=\"frm_radio\" id=\"frm_radio_28-26-0\">\t\t\t<label  for=\"field_s1exi-0\">\n\t\t\t\t\t<input type=\"radio\" name=\"item_meta[28]\" id=\"field_s1exi-0\" value=\"Die volle Anerkennung liegt bereits vor\"\n\t\t data-sectionid=\"26\"  data-reqmsg=\"Wie ist der aktuelle Stand der Anerkennung? cannot be blank.\" data-invmsg=\"Wie ist der aktuelle Stand der Anerkennung? is invalid\"   \/> Die volle Anerkennung liegt bereits vor<\/label><\/div>\n\t\t<div class=\"frm_radio\" id=\"frm_radio_28-26-1\">\t\t\t<label  for=\"field_s1exi-1\">\n\t\t\t\t\t<input type=\"radio\" name=\"item_meta[28]\" id=\"field_s1exi-1\" value=\"Das Anerkennungsverfahren kann sofort eingeleitet werden\"\n\t\t data-sectionid=\"26\"  data-reqmsg=\"Wie ist der aktuelle Stand der Anerkennung? cannot be blank.\" data-invmsg=\"Wie ist der aktuelle Stand der Anerkennung? is invalid\"   \/> Das Anerkennungsverfahren kann sofort eingeleitet werden<\/label><\/div>\n\t\t<div class=\"frm_radio\" id=\"frm_radio_28-26-2\">\t\t\t<label  for=\"field_s1exi-2\">\n\t\t\t\t\t<input type=\"radio\" name=\"item_meta[28]\" id=\"field_s1exi-2\" value=\"Es ist voraussichtlich nur eine Teilanerkennung \/ ein Defizitbescheid zu erwarten\"\n\t\t data-sectionid=\"26\"  data-reqmsg=\"Wie ist der aktuelle Stand der Anerkennung? cannot be blank.\" data-invmsg=\"Wie ist der aktuelle Stand der Anerkennung? is invalid\"   \/> Es ist voraussichtlich nur eine Teilanerkennung \/ ein Defizitbescheid zu erwarten<\/label><\/div>\n\t\t<div class=\"frm_radio\" id=\"frm_radio_28-26-3\">\t\t\t<label  for=\"field_s1exi-3\">\n\t\t\t\t\t<input type=\"radio\" name=\"item_meta[28]\" id=\"field_s1exi-3\" value=\"Der Anerkennungsstatus ist noch unklar\"\n\t\t data-sectionid=\"26\"  data-reqmsg=\"Wie ist der aktuelle Stand der Anerkennung? cannot be blank.\" data-invmsg=\"Wie ist der aktuelle Stand der Anerkennung? is invalid\"   \/> Der Anerkennungsstatus ist noch unklar<\/label><\/div>\n<\/div>\n\t\n\t\n<\/div>\n<div id=\"frm_field_30_container\" class=\"frm_form_field form-field  frm_required_field frm_top_container frm6 vertical_radio\">\n\t<div  id=\"field_dvm1j_label\" class=\"frm_primary_label\">Welches Ziel wird mit der Einreise verfolgt?\n\t\t<span class=\"frm_required\" aria-hidden=\"true\">*<\/span>\n\t<\/div>\n\t<div class=\"frm_opt_container\" aria-labelledby=\"field_dvm1j_label\" role=\"radiogroup\" aria-required=\"true\">\t\t<div class=\"frm_radio\" id=\"frm_radio_30-26-0\">\t\t\t<label  for=\"field_dvm1j-0\">\n\t\t\t\t\t<input type=\"radio\" name=\"item_meta[30]\" id=\"field_dvm1j-0\" value=\"Direkte Besch\u00e4ftigung als Pflegefachkraft\"\n\t\t data-sectionid=\"26\"  data-reqmsg=\"Welches Ziel wird mit der Einreise verfolgt? cannot be blank.\" data-invmsg=\"Welches Ziel wird mit der Einreise verfolgt? is invalid\"   \/> Direkte Besch\u00e4ftigung als Pflegefachkraft<\/label><\/div>\n\t\t<div class=\"frm_radio\" id=\"frm_radio_30-26-1\">\t\t\t<label  for=\"field_dvm1j-1\">\n\t\t\t\t\t<input type=\"radio\" name=\"item_meta[30]\" id=\"field_dvm1j-1\" value=\"Einreise zur Qualifizierungsma\u00dfnahme \/ Anerkennungsnachholung\"\n\t\t data-sectionid=\"26\"  data-reqmsg=\"Welches Ziel wird mit der Einreise verfolgt? cannot be blank.\" data-invmsg=\"Welches Ziel wird mit der Einreise verfolgt? is invalid\"   \/> Einreise zur Qualifizierungsma\u00dfnahme \/ Anerkennungsnachholung<\/label><\/div>\n\t\t<div class=\"frm_radio\" id=\"frm_radio_30-26-2\">\t\t\t<label  for=\"field_dvm1j-2\">\n\t\t\t\t\t<input type=\"radio\" name=\"item_meta[30]\" id=\"field_dvm1j-2\" value=\"Noch offen \/ unklar\"\n\t\t data-sectionid=\"26\"  data-reqmsg=\"Welches Ziel wird mit der Einreise verfolgt? cannot be blank.\" data-invmsg=\"Welches Ziel wird mit der Einreise verfolgt? is invalid\"   \/> Noch offen \/ unklar<\/label><\/div>\n<\/div>\n\t\n\t\n<\/div>\n<div id=\"frm_field_31_container\" class=\"frm_form_field form-field  frm_required_field frm_top_container frm6 frm_first vertical_radio\">\n\t<div  id=\"field_ih1ow_label\" class=\"frm_primary_label\">Wie lang sind die regul\u00e4ren Wartezeiten auf einen Botschaftstermin im Herkunftsland erfahrungsgem\u00e4\u00df?\n\t\t<span class=\"frm_required\" aria-hidden=\"true\">*<\/span>\n\t<\/div>\n\t<div class=\"frm_opt_container\" aria-labelledby=\"field_ih1ow_label\" role=\"radiogroup\" aria-required=\"true\">\t\t<div class=\"frm_radio\" id=\"frm_radio_31-26-0\">\t\t\t<label  for=\"field_ih1ow-0\">\n\t\t\t\t\t<input type=\"radio\" name=\"item_meta[31]\" id=\"field_ih1ow-0\" value=\"Sehr lang\"\n\t\t data-sectionid=\"26\"  data-reqmsg=\"Wie lang sind die regul\u00e4ren Wartezeiten auf einen Botschaftstermin im Herkunftsland erfahrungsgem\u00e4\u00df? cannot be blank.\" data-invmsg=\"Wie lang sind die regul\u00e4ren Wartezeiten auf einen Botschaftstermin im Herkunftsland erfahrungsgem\u00e4\u00df? is invalid\"   \/> Sehr lang<\/label><\/div>\n\t\t<div class=\"frm_radio\" id=\"frm_radio_31-26-1\">\t\t\t<label  for=\"field_ih1ow-1\">\n\t\t\t\t\t<input type=\"radio\" name=\"item_meta[31]\" id=\"field_ih1ow-1\" value=\"Mittel\"\n\t\t data-sectionid=\"26\"  data-reqmsg=\"Wie lang sind die regul\u00e4ren Wartezeiten auf einen Botschaftstermin im Herkunftsland erfahrungsgem\u00e4\u00df? cannot be blank.\" data-invmsg=\"Wie lang sind die regul\u00e4ren Wartezeiten auf einen Botschaftstermin im Herkunftsland erfahrungsgem\u00e4\u00df? is invalid\"   \/> Mittel<\/label><\/div>\n\t\t<div class=\"frm_radio\" id=\"frm_radio_31-26-2\">\t\t\t<label  for=\"field_ih1ow-2\">\n\t\t\t\t\t<input type=\"radio\" name=\"item_meta[31]\" id=\"field_ih1ow-2\" value=\"Kurz\"\n\t\t data-sectionid=\"26\"  data-reqmsg=\"Wie lang sind die regul\u00e4ren Wartezeiten auf einen Botschaftstermin im Herkunftsland erfahrungsgem\u00e4\u00df? cannot be blank.\" data-invmsg=\"Wie lang sind die regul\u00e4ren Wartezeiten auf einen Botschaftstermin im Herkunftsland erfahrungsgem\u00e4\u00df? is invalid\"   \/> Kurz<\/label><\/div>\n\t\t<div class=\"frm_radio\" id=\"frm_radio_31-26-3\">\t\t\t<label  for=\"field_ih1ow-3\">\n\t\t\t\t\t<input type=\"radio\" name=\"item_meta[31]\" id=\"field_ih1ow-3\" value=\"Unklar\"\n\t\t data-sectionid=\"26\"  data-reqmsg=\"Wie lang sind die regul\u00e4ren Wartezeiten auf einen Botschaftstermin im Herkunftsland erfahrungsgem\u00e4\u00df? cannot be blank.\" data-invmsg=\"Wie lang sind die regul\u00e4ren Wartezeiten auf einen Botschaftstermin im Herkunftsland erfahrungsgem\u00e4\u00df? is invalid\"   \/> Unklar<\/label><\/div>\n<\/div>\n\t\n\t\n<\/div>\n<div id=\"frm_field_32_container\" class=\"frm_form_field form-field  frm_required_field frm_top_container frm6 vertical_radio\">\n\t<div  id=\"field_b6fmp_label\" class=\"frm_primary_label\">Ist die Anerkennung bereits weit fortgeschritten oder abgeschlossen, sodass vor allem noch das Visumverfahren offen ist?\n\t\t<span class=\"frm_required\" aria-hidden=\"true\">*<\/span>\n\t<\/div>\n\t<div class=\"frm_opt_container\" aria-labelledby=\"field_b6fmp_label\" role=\"radiogroup\" aria-required=\"true\">\t\t<div class=\"frm_radio\" id=\"frm_radio_32-26-0\">\t\t\t<label  for=\"field_b6fmp-0\">\n\t\t\t\t\t<input type=\"radio\" name=\"item_meta[32]\" id=\"field_b6fmp-0\" value=\"Ja\"\n\t\t data-sectionid=\"26\"  data-reqmsg=\"Ist die Anerkennung bereits weit fortgeschritten oder abgeschlossen, sodass vor allem noch das Visumverfahren offen ist? cannot be blank.\" data-invmsg=\"Ist die Anerkennung bereits weit fortgeschritten oder abgeschlossen, sodass vor allem noch das Visumverfahren offen ist? is invalid\"   \/> Ja<\/label><\/div>\n\t\t<div class=\"frm_radio\" id=\"frm_radio_32-26-1\">\t\t\t<label  for=\"field_b6fmp-1\">\n\t\t\t\t\t<input type=\"radio\" name=\"item_meta[32]\" id=\"field_b6fmp-1\" value=\"Teilweise\"\n\t\t data-sectionid=\"26\"  data-reqmsg=\"Ist die Anerkennung bereits weit fortgeschritten oder abgeschlossen, sodass vor allem noch das Visumverfahren offen ist? cannot be blank.\" data-invmsg=\"Ist die Anerkennung bereits weit fortgeschritten oder abgeschlossen, sodass vor allem noch das Visumverfahren offen ist? is invalid\"   \/> Teilweise<\/label><\/div>\n\t\t<div class=\"frm_radio\" id=\"frm_radio_32-26-2\">\t\t\t<label  for=\"field_b6fmp-2\">\n\t\t\t\t\t<input type=\"radio\" name=\"item_meta[32]\" id=\"field_b6fmp-2\" value=\"Nein\"\n\t\t data-sectionid=\"26\"  data-reqmsg=\"Ist die Anerkennung bereits weit fortgeschritten oder abgeschlossen, sodass vor allem noch das Visumverfahren offen ist? cannot be blank.\" data-invmsg=\"Ist die Anerkennung bereits weit fortgeschritten oder abgeschlossen, sodass vor allem noch das Visumverfahren offen ist? is invalid\"   \/> Nein<\/label><\/div>\n<\/div>\n\t\n\t\n<\/div>\n<div id=\"frm_field_33_container\" class=\"frm_form_field form-field  frm_required_field frm_top_container frm6 frm_first vertical_radio\">\n\t<div  id=\"field_htqrd_label\" class=\"frm_primary_label\">Soll der Familiennachzug m\u00f6glichst im engen zeitlichen Zusammenhang vorbereitet werden?\n\t\t<span class=\"frm_required\" aria-hidden=\"true\">*<\/span>\n\t<\/div>\n\t<div class=\"frm_opt_container\" aria-labelledby=\"field_htqrd_label\" role=\"radiogroup\" aria-required=\"true\">\t\t<div class=\"frm_radio\" id=\"frm_radio_33-26-0\">\t\t\t<label  for=\"field_htqrd-0\">\n\t\t\t\t\t<input type=\"radio\" name=\"item_meta[33]\" id=\"field_htqrd-0\" value=\"Ja\"\n\t\t data-sectionid=\"26\"  data-reqmsg=\"Soll der Familiennachzug m\u00f6glichst im engen zeitlichen Zusammenhang vorbereitet werden? cannot be blank.\" data-invmsg=\"Soll der Familiennachzug m\u00f6glichst im engen zeitlichen Zusammenhang vorbereitet werden? is invalid\"   \/> Ja<\/label><\/div>\n\t\t<div class=\"frm_radio\" id=\"frm_radio_33-26-1\">\t\t\t<label  for=\"field_htqrd-1\">\n\t\t\t\t\t<input type=\"radio\" name=\"item_meta[33]\" id=\"field_htqrd-1\" value=\"Nein\"\n\t\t data-sectionid=\"26\"  data-reqmsg=\"Soll der Familiennachzug m\u00f6glichst im engen zeitlichen Zusammenhang vorbereitet werden? cannot be blank.\" data-invmsg=\"Soll der Familiennachzug m\u00f6glichst im engen zeitlichen Zusammenhang vorbereitet werden? is invalid\"   \/> Nein<\/label><\/div>\n\t\t<div class=\"frm_radio\" id=\"frm_radio_33-26-2\">\t\t\t<label  for=\"field_htqrd-2\">\n\t\t\t\t\t<input type=\"radio\" name=\"item_meta[33]\" id=\"field_htqrd-2\" value=\"Noch offen\"\n\t\t data-sectionid=\"26\"  data-reqmsg=\"Soll der Familiennachzug m\u00f6glichst im engen zeitlichen Zusammenhang vorbereitet werden? cannot be blank.\" data-invmsg=\"Soll der Familiennachzug m\u00f6glichst im engen zeitlichen Zusammenhang vorbereitet werden? is invalid\"   \/> Noch offen<\/label><\/div>\n<\/div>\n\t\n\t\n<\/div>\n<div id=\"frm_field_34_container\" class=\"frm_form_field form-field  frm_top_container frm6 vertical_radio\">\n\t<div  id=\"field_piie6_label\" class=\"frm_primary_label\">Besteht ein echter Bedarf an zentral koordinierter Beh\u00f6rdensteuerung?\n\t\t<span class=\"frm_required\" aria-hidden=\"true\"><\/span>\n\t<\/div>\n\t<div class=\"frm_opt_container\" aria-labelledby=\"field_piie6_label\" role=\"radiogroup\">\t\t<div class=\"frm_radio\" id=\"frm_radio_34-26-0\">\t\t\t<label  for=\"field_piie6-0\">\n\t\t\t\t\t<input type=\"radio\" name=\"item_meta[34]\" id=\"field_piie6-0\" value=\"Ja\"\n\t\t data-sectionid=\"26\"  data-invmsg=\"Besteht ein echter Bedarf an zentral koordinierter Beh\u00f6rdensteuerung? is invalid\"   \/> Ja<\/label><\/div>\n\t\t<div class=\"frm_radio\" id=\"frm_radio_34-26-1\">\t\t\t<label  for=\"field_piie6-1\">\n\t\t\t\t\t<input type=\"radio\" name=\"item_meta[34]\" id=\"field_piie6-1\" value=\"Teilweise\"\n\t\t data-sectionid=\"26\"  data-invmsg=\"Besteht ein echter Bedarf an zentral koordinierter Beh\u00f6rdensteuerung? is invalid\"   \/> Teilweise<\/label><\/div>\n\t\t<div class=\"frm_radio\" id=\"frm_radio_34-26-2\">\t\t\t<label  for=\"field_piie6-2\">\n\t\t\t\t\t<input type=\"radio\" name=\"item_meta[34]\" id=\"field_piie6-2\" value=\"Nein\"\n\t\t data-sectionid=\"26\"  data-invmsg=\"Besteht ein echter Bedarf an zentral koordinierter Beh\u00f6rdensteuerung? is invalid\"   \/> Nein<\/label><\/div>\n<\/div>\n\t\n\t\n<\/div>\n<\/div>\n<div id=\"frm_field_37_container\" class=\"frm_form_field frm_section_heading form-field \">\n<h3 class=\"frm_pos_top frm_section_spacing\">Operative Umsetzungsreife<\/h3>\n\n\n<div id=\"frm_field_45_container\" class=\"frm_form_field form-field  frm_required_field frm_top_container frm6 frm_first vertical_radio\">\n\t<div  id=\"field_8ra3q_label\" class=\"frm_primary_label\">Wie vollst\u00e4ndig ist die Dokumentation aktuell?\n\t\t<span class=\"frm_required\" aria-hidden=\"true\">*<\/span>\n\t<\/div>\n\t<div class=\"frm_opt_container\" aria-labelledby=\"field_8ra3q_label\" role=\"radiogroup\" aria-required=\"true\">\t\t<div class=\"frm_radio\" id=\"frm_radio_45-37-0\">\t\t\t<label  for=\"field_8ra3q-0\">\n\t\t\t\t\t<input type=\"radio\" name=\"item_meta[45]\" id=\"field_8ra3q-0\" value=\"Vollst\u00e4ndig oder nahezu vollst\u00e4ndig\"\n\t\t data-sectionid=\"37\"  data-reqmsg=\"Wie vollst\u00e4ndig ist die Dokumentation aktuell? cannot be blank.\" data-invmsg=\"Wie vollst\u00e4ndig ist die Dokumentation aktuell? is invalid\"   \/> Vollst\u00e4ndig oder nahezu vollst\u00e4ndig<\/label><\/div>\n\t\t<div class=\"frm_radio\" id=\"frm_radio_45-37-1\">\t\t\t<label  for=\"field_8ra3q-1\">\n\t\t\t\t\t<input type=\"radio\" name=\"item_meta[45]\" id=\"field_8ra3q-1\" value=\"Teilweise vollst\u00e4ndig\"\n\t\t data-sectionid=\"37\"  data-reqmsg=\"Wie vollst\u00e4ndig ist die Dokumentation aktuell? cannot be blank.\" data-invmsg=\"Wie vollst\u00e4ndig ist die Dokumentation aktuell? is invalid\"   \/> Teilweise vollst\u00e4ndig<\/label><\/div>\n\t\t<div class=\"frm_radio\" id=\"frm_radio_45-37-2\">\t\t\t<label  for=\"field_8ra3q-2\">\n\t\t\t\t\t<input type=\"radio\" name=\"item_meta[45]\" id=\"field_8ra3q-2\" value=\"In wesentlichen Teilen noch offen\"\n\t\t data-sectionid=\"37\"  data-reqmsg=\"Wie vollst\u00e4ndig ist die Dokumentation aktuell? cannot be blank.\" data-invmsg=\"Wie vollst\u00e4ndig ist die Dokumentation aktuell? is invalid\"   \/> In wesentlichen Teilen noch offen<\/label><\/div>\n<\/div>\n\t\n\t\n<\/div>\n<div id=\"frm_field_46_container\" class=\"frm_form_field form-field  frm_required_field frm_top_container frm6 vertical_radio\">\n\t<div  id=\"field_z4upm_label\" class=\"frm_primary_label\">Liegen beglaubigte bzw. qualifizierte \u00dcbersetzungen bereits vor?\n\t\t<span class=\"frm_required\" aria-hidden=\"true\">*<\/span>\n\t<\/div>\n\t<div class=\"frm_opt_container\" aria-labelledby=\"field_z4upm_label\" role=\"radiogroup\" aria-required=\"true\">\t\t<div class=\"frm_radio\" id=\"frm_radio_46-37-0\">\t\t\t<label  for=\"field_z4upm-0\">\n\t\t\t\t\t<input type=\"radio\" name=\"item_meta[46]\" id=\"field_z4upm-0\" value=\"Ja\"\n\t\t data-sectionid=\"37\"  data-reqmsg=\"Liegen beglaubigte bzw. qualifizierte \u00dcbersetzungen bereits vor? cannot be blank.\" data-invmsg=\"Liegen beglaubigte bzw. qualifizierte \u00dcbersetzungen bereits vor? is invalid\"   \/> Ja<\/label><\/div>\n\t\t<div class=\"frm_radio\" id=\"frm_radio_46-37-1\">\t\t\t<label  for=\"field_z4upm-1\">\n\t\t\t\t\t<input type=\"radio\" name=\"item_meta[46]\" id=\"field_z4upm-1\" value=\"Teilweise\"\n\t\t data-sectionid=\"37\"  data-reqmsg=\"Liegen beglaubigte bzw. qualifizierte \u00dcbersetzungen bereits vor? cannot be blank.\" data-invmsg=\"Liegen beglaubigte bzw. qualifizierte \u00dcbersetzungen bereits vor? is invalid\"   \/> Teilweise<\/label><\/div>\n\t\t<div class=\"frm_radio\" id=\"frm_radio_46-37-2\">\t\t\t<label  for=\"field_z4upm-2\">\n\t\t\t\t\t<input type=\"radio\" name=\"item_meta[46]\" id=\"field_z4upm-2\" value=\"Nein\"\n\t\t data-sectionid=\"37\"  data-reqmsg=\"Liegen beglaubigte bzw. qualifizierte \u00dcbersetzungen bereits vor? cannot be blank.\" data-invmsg=\"Liegen beglaubigte bzw. qualifizierte \u00dcbersetzungen bereits vor? is invalid\"   \/> Nein<\/label><\/div>\n<\/div>\n\t\n\t\n<\/div>\n<div id=\"frm_field_47_container\" class=\"frm_form_field form-field  frm_required_field frm_top_container frm6 frm_first vertical_radio\">\n\t<div  id=\"field_tllne_label\" class=\"frm_primary_label\">Sind Pass und pers\u00f6nliche Nachweise noch ausreichend lange g\u00fcltig?\n\t\t<span class=\"frm_required\" aria-hidden=\"true\">*<\/span>\n\t<\/div>\n\t<div class=\"frm_opt_container\" aria-labelledby=\"field_tllne_label\" role=\"radiogroup\" aria-required=\"true\">\t\t<div class=\"frm_radio\" id=\"frm_radio_47-37-0\">\t\t\t<label  for=\"field_tllne-0\">\n\t\t\t\t\t<input type=\"radio\" name=\"item_meta[47]\" id=\"field_tllne-0\" value=\"Ja\"\n\t\t data-sectionid=\"37\"  data-reqmsg=\"Sind Pass und pers\u00f6nliche Nachweise noch ausreichend lange g\u00fcltig? cannot be blank.\" data-invmsg=\"Sind Pass und pers\u00f6nliche Nachweise noch ausreichend lange g\u00fcltig? is invalid\"   \/> Ja<\/label><\/div>\n\t\t<div class=\"frm_radio\" id=\"frm_radio_47-37-1\">\t\t\t<label  for=\"field_tllne-1\">\n\t\t\t\t\t<input type=\"radio\" name=\"item_meta[47]\" id=\"field_tllne-1\" value=\"Teilweise\"\n\t\t data-sectionid=\"37\"  data-reqmsg=\"Sind Pass und pers\u00f6nliche Nachweise noch ausreichend lange g\u00fcltig? cannot be blank.\" data-invmsg=\"Sind Pass und pers\u00f6nliche Nachweise noch ausreichend lange g\u00fcltig? is invalid\"   \/> Teilweise<\/label><\/div>\n\t\t<div class=\"frm_radio\" id=\"frm_radio_47-37-2\">\t\t\t<label  for=\"field_tllne-2\">\n\t\t\t\t\t<input type=\"radio\" name=\"item_meta[47]\" id=\"field_tllne-2\" value=\"Nein\"\n\t\t data-sectionid=\"37\"  data-reqmsg=\"Sind Pass und pers\u00f6nliche Nachweise noch ausreichend lange g\u00fcltig? cannot be blank.\" data-invmsg=\"Sind Pass und pers\u00f6nliche Nachweise noch ausreichend lange g\u00fcltig? is invalid\"   \/> Nein<\/label><\/div>\n<\/div>\n\t\n\t\n<\/div>\n<div id=\"frm_field_48_container\" class=\"frm_form_field form-field  frm_required_field frm_top_container frm6 vertical_radio\">\n\t<div  id=\"field_tx6c_label\" class=\"frm_primary_label\">Kann der Arbeitgeber Fristen und Kommunikation zuverl\u00e4ssig koordinieren?\n\t\t<span class=\"frm_required\" aria-hidden=\"true\">*<\/span>\n\t<\/div>\n\t<div class=\"frm_opt_container\" aria-labelledby=\"field_tx6c_label\" role=\"radiogroup\" aria-required=\"true\">\t\t<div class=\"frm_radio\" id=\"frm_radio_48-37-0\">\t\t\t<label  for=\"field_tx6c-0\">\n\t\t\t\t\t<input type=\"radio\" name=\"item_meta[48]\" id=\"field_tx6c-0\" value=\"Ja\"\n\t\t data-sectionid=\"37\"  data-reqmsg=\"Kann der Arbeitgeber Fristen und Kommunikation zuverl\u00e4ssig koordinieren? cannot be blank.\" data-invmsg=\"Kann der Arbeitgeber Fristen und Kommunikation zuverl\u00e4ssig koordinieren? is invalid\"   \/> Ja<\/label><\/div>\n\t\t<div class=\"frm_radio\" id=\"frm_radio_48-37-1\">\t\t\t<label  for=\"field_tx6c-1\">\n\t\t\t\t\t<input type=\"radio\" name=\"item_meta[48]\" id=\"field_tx6c-1\" value=\"Teilweise\"\n\t\t data-sectionid=\"37\"  data-reqmsg=\"Kann der Arbeitgeber Fristen und Kommunikation zuverl\u00e4ssig koordinieren? cannot be blank.\" data-invmsg=\"Kann der Arbeitgeber Fristen und Kommunikation zuverl\u00e4ssig koordinieren? is invalid\"   \/> Teilweise<\/label><\/div>\n\t\t<div class=\"frm_radio\" id=\"frm_radio_48-37-2\">\t\t\t<label  for=\"field_tx6c-2\">\n\t\t\t\t\t<input type=\"radio\" name=\"item_meta[48]\" id=\"field_tx6c-2\" value=\"Nein\"\n\t\t data-sectionid=\"37\"  data-reqmsg=\"Kann der Arbeitgeber Fristen und Kommunikation zuverl\u00e4ssig koordinieren? cannot be blank.\" data-invmsg=\"Kann der Arbeitgeber Fristen und Kommunikation zuverl\u00e4ssig koordinieren? is invalid\"   \/> Nein<\/label><\/div>\n<\/div>\n\t\n\t\n<\/div>\n<div id=\"frm_field_49_container\" class=\"frm_form_field form-field  frm_required_field frm_top_container vertical_radio\">\n\t<div  id=\"field_eagbu_label\" class=\"frm_primary_label\">Kann die Fachkraft kurzfristig auf R\u00fcckfragen reagieren?\n\t\t<span class=\"frm_required\" aria-hidden=\"true\">*<\/span>\n\t<\/div>\n\t<div class=\"frm_opt_container\" aria-labelledby=\"field_eagbu_label\" role=\"radiogroup\" aria-required=\"true\">\t\t<div class=\"frm_radio\" id=\"frm_radio_49-37-0\">\t\t\t<label  for=\"field_eagbu-0\">\n\t\t\t\t\t<input type=\"radio\" name=\"item_meta[49]\" id=\"field_eagbu-0\" value=\"Ja\"\n\t\t data-sectionid=\"37\"  data-reqmsg=\"Kann die Fachkraft kurzfristig auf R\u00fcckfragen reagieren? cannot be blank.\" data-invmsg=\"Kann die Fachkraft kurzfristig auf R\u00fcckfragen reagieren? is invalid\"   \/> Ja<\/label><\/div>\n\t\t<div class=\"frm_radio\" id=\"frm_radio_49-37-1\">\t\t\t<label  for=\"field_eagbu-1\">\n\t\t\t\t\t<input type=\"radio\" name=\"item_meta[49]\" id=\"field_eagbu-1\" value=\"Teilweise\"\n\t\t data-sectionid=\"37\"  data-reqmsg=\"Kann die Fachkraft kurzfristig auf R\u00fcckfragen reagieren? cannot be blank.\" data-invmsg=\"Kann die Fachkraft kurzfristig auf R\u00fcckfragen reagieren? is invalid\"   \/> Teilweise<\/label><\/div>\n\t\t<div class=\"frm_radio\" id=\"frm_radio_49-37-2\">\t\t\t<label  for=\"field_eagbu-2\">\n\t\t\t\t\t<input type=\"radio\" name=\"item_meta[49]\" id=\"field_eagbu-2\" value=\"Nein\"\n\t\t data-sectionid=\"37\"  data-reqmsg=\"Kann die Fachkraft kurzfristig auf R\u00fcckfragen reagieren? cannot be blank.\" data-invmsg=\"Kann die Fachkraft kurzfristig auf R\u00fcckfragen reagieren? is invalid\"   \/> Nein<\/label><\/div>\n<\/div>\n\t\n\t\n<\/div>\n<\/div>\n<input type=\"hidden\" name=\"frm_page_order_3\" id=\"frm_page_order_3\" value=\"44\" \/>\t\t<input  type=\"hidden\" name=\"item_meta[51]\" id=\"field_ch7lp\" value=\"\"     \/>\n\t\t\t\t<input  type=\"hidden\" name=\"item_meta[52]\" id=\"field_j9tbd\" value=\"\"     \/>\n\t\t\t\t<input  type=\"hidden\" name=\"item_meta[54]\" id=\"field_hjw4x\" value=\"\"     \/>\n\t\t\t\t<input  type=\"hidden\" name=\"item_meta[55]\" id=\"field_gjtwb\" value=\"\"     \/>\n\t\t\t\t<input  type=\"hidden\" name=\"item_meta[57]\" id=\"field_pep1i\" value=\"\"     \/>\n\t\t\t\t<input  type=\"hidden\" name=\"item_meta[58]\" id=\"field_ezaxw\" value=\"\"     \/>\n\t\t\t\t<input  type=\"hidden\" name=\"item_meta[60]\" id=\"field_kqiqf\" value=\"\"     \/>\n\t\t\t\t<input  type=\"hidden\" name=\"item_meta[61]\" id=\"field_7h4j9\" value=\"\"     \/>\n\t\t\t\t<input  type=\"hidden\" name=\"item_meta[63]\" id=\"field_4h6mg\" value=\"\"     \/>\n\t\t\t\t<input  type=\"hidden\" name=\"item_meta[64]\" id=\"field_nx8ie\" value=\"\"     \/>\n\t\t\t\t<input  type=\"hidden\" name=\"item_meta[66]\" id=\"field_3kd5m\" value=\"\"     \/>\n\t\t\t\t<input  type=\"hidden\" name=\"item_meta[67]\" id=\"field_y1s2m\" value=\"\"     \/>\n\t\t\t\t<input  type=\"hidden\" name=\"item_meta[9]\" id=\"field_submit2\" value=\"\"     \/>\n\t\t\t<input type=\"hidden\" name=\"item_key\" value=\"\" \/>\n\t\t\t<div id=\"frm_field_69_container\">\n\t\t\t<label for=\"field_ntq1l\" >\n\t\t\t\tIf you are human, leave this field blank.\t\t\t<\/label>\n\t\t\t<input  id=\"field_ntq1l\" type=\"text\" class=\"frm_form_field form-field frm_verify\" name=\"item_meta[69]\" value=\"\"  \/>\n\t\t<\/div>\n\t\t<input name=\"frm_state\" type=\"hidden\" value=\"\/VVDE7Vz68qIeAp647U0dxLFHwF\/qYWHBtR0hHKu9B99k\/OThVaDlgdwrhDyaHjq\" \/><div class=\"frm_submit frm_flex\">\r\n<button class=\"frm_button_submit\" type=\"submit\"  >Next<\/button>\r\n\r\n\r\n\r\n<\/div><\/div>\n<\/fieldset>\n<\/div>\n\n<\/form>\n<\/div>\n\n<h2>h\u00e4ufig gestellte Fragen<\/h2>\n<h4>F\u00fcr wen ist dieser Verfahrenscheck gedacht?<\/h4>\n<p>Dieser Check richtet sich an Krankenh\u00e4user, Pflegeeinrichtungen und Recruiter, die internationale Pflegekr\u00e4fte nach Deutschland holen m\u00f6chten und eine erste Einsch\u00e4tzung zum passenden Verfahrensweg ben\u00f6tigen.<\/p>\n<h4>Ersetzt der Check eine rechtliche Beratung?<\/h4>\n<p>Nein. Der Check dient der ersten Orientierung und strukturierten Vorpr\u00fcfung. Die endg\u00fcltige Einordnung h\u00e4ngt immer vom konkreten Einzelfall ab.<\/p>\n<h4>Pr\u00fcft der Check nur das beschleunigte Fachkr\u00e4fteverfahren?<\/h4>\n<p>Nein. Der Check ist bewusst so aufgebaut, dass er auch alternative Wege ber\u00fccksichtigt, etwa das regul\u00e4re Visumverfahren, die Einreise zur Qualifizierung oder andere qualifikationsbezogene L\u00f6sungen.<\/p>\n<h4>Wann ist das beschleunigte Fachkr\u00e4fteverfahren sinnvoll?<\/h4>\n<p>Das h\u00e4ngt unter anderem vom Drittstaatsbezug, dem Aufenthaltsort der Pflegekraft, dem Visumstatus, dem Dokumentenstand, dem Anerkennungsstatus und den Botschaftswartzeiten ab.<\/p>\n<h4>Warum reicht eine gute Vorbereitung allein nicht aus?<\/h4>\n<p>Weil nicht jeder Fall vom Fast-Track profitiert. Selbst bei vollst\u00e4ndigen Unterlagen kann ein anderes Verfahren praktischer oder schneller sein, wenn die Ausgangslage entsprechend gelagert ist.<\/p>\n<h4>Was passiert nach dem Ausf\u00fcllen des Checks?<\/h4>\n<p>Sie erhalten eine erste inhaltliche Richtung, welcher Verfahrensweg voraussichtlich passt. Auf dieser Grundlage k\u00f6nnen die n\u00e4chsten Schritte und die erforderlichen Unterlagen gezielter vorbereitet werden.<\/p>\n<h4>Kann der Check auch f\u00fcr noch unklare F\u00e4lle genutzt werden?<\/h4>\n<p>Ja. Gerade bei F\u00e4llen mit offenen Punkten hilft der Check dabei, die entscheidenden Fragen sichtbar zu machen und den Fall besser zu strukturieren.<\/p>\n<div id=\"gtx-trans\" style=\"position: absolute; left: 54px; top: 926.094px;\">\n<div class=\"gtx-trans-icon\"><\/div>\n<\/div>\n","protected":false},"excerpt":{"rendered":"Not every case automatically fits into the accelerated skilled worker procedure. The crucial factor is not only whether \u00a7 81a AufenthG is theoretically possible, but whether this route actually offers a practical advantage in the specific case. That's exactly where this procedure check helps. With the form, employers, clinics, and recruiters get an initial orientation as to which path is likely for an international nurse\u2026 <a class=\"view-article\" href=\"https:\/\/www.talentorbit.de\/en\/pflegekraefte-verfahrenscheck-fuer-arbeitgeber\/\">Read more<\/a>","protected":false},"author":5,"featured_media":1078,"parent":0,"menu_order":0,"comment_status":"closed","ping_status":"closed","template":"","meta":{"_acf_changed":false,"footnotes":""},"class_list":["post-1068","page","type-page","status-publish","has-post-thumbnail","hentry"],"acf":[],"yoast_head":"<!-- This site is optimized with the Yoast SEO plugin v27.5 - https:\/\/yoast.com\/product\/yoast-seo-wordpress\/ -->\n<title>Pflegekr\u00e4fte-Verfahrenscheck f\u00fcr Arbeitgeber - TalentOrbit<\/title>\n<meta name=\"description\" content=\"Welcher Verfahrensweg passt f\u00fcr Ihre internationale Pflegekraft? Nutzen Sie den Verfahrenscheck f\u00fcr Arbeitgeber und erhalten Sie eine erste Einsch\u00e4tzung.\" \/>\n<meta name=\"robots\" content=\"index, follow, max-snippet:-1, max-image-preview:large, max-video-preview:-1\" \/>\n<link rel=\"canonical\" href=\"https:\/\/www.talentorbit.de\/en\/caregiver-process-check-for-employers\/\" \/>\n<meta property=\"og:locale\" content=\"en_US\" \/>\n<meta property=\"og:type\" content=\"article\" \/>\n<meta property=\"og:title\" content=\"Pflegekr\u00e4fte-Verfahrenscheck f\u00fcr Arbeitgeber - TalentOrbit\" \/>\n<meta property=\"og:description\" content=\"Welcher Verfahrensweg passt f\u00fcr Ihre internationale Pflegekraft? Nutzen Sie den Verfahrenscheck f\u00fcr Arbeitgeber und erhalten Sie eine erste Einsch\u00e4tzung.\" \/>\n<meta property=\"og:url\" content=\"https:\/\/www.talentorbit.de\/en\/caregiver-process-check-for-employers\/\" \/>\n<meta property=\"og:site_name\" content=\"TalentOrbit\" \/>\n<meta property=\"article:modified_time\" content=\"2026-04-28T08:27:05+00:00\" \/>\n<meta property=\"og:image\" content=\"https:\/\/www.talentorbit.de\/wp-content\/uploads\/Pflegekrafte-Verfahrenscheck-fur-Arbeitgeber.webp\" \/>\n\t<meta property=\"og:image:width\" content=\"1672\" \/>\n\t<meta property=\"og:image:height\" content=\"941\" \/>\n\t<meta property=\"og:image:type\" content=\"image\/webp\" \/>\n<meta name=\"twitter:card\" content=\"summary_large_image\" \/>\n<meta name=\"twitter:label1\" content=\"Est. reading time\" \/>\n\t<meta name=\"twitter:data1\" content=\"2 minutes\" \/>\n<script type=\"application\/ld+json\" class=\"yoast-schema-graph\">{\"@context\":\"https:\\\/\\\/schema.org\",\"@graph\":[{\"@type\":\"WebPage\",\"@id\":\"https:\\\/\\\/www.talentorbit.de\\\/pflegekraefte-verfahrenscheck-fuer-arbeitgeber\\\/\",\"url\":\"https:\\\/\\\/www.talentorbit.de\\\/pflegekraefte-verfahrenscheck-fuer-arbeitgeber\\\/\",\"name\":\"Pflegekr\u00e4fte-Verfahrenscheck f\u00fcr Arbeitgeber - TalentOrbit\",\"isPartOf\":{\"@id\":\"https:\\\/\\\/www.talentorbit.de\\\/#website\"},\"primaryImageOfPage\":{\"@id\":\"https:\\\/\\\/www.talentorbit.de\\\/pflegekraefte-verfahrenscheck-fuer-arbeitgeber\\\/#primaryimage\"},\"image\":{\"@id\":\"https:\\\/\\\/www.talentorbit.de\\\/pflegekraefte-verfahrenscheck-fuer-arbeitgeber\\\/#primaryimage\"},\"thumbnailUrl\":\"https:\\\/\\\/www.talentorbit.de\\\/wp-content\\\/uploads\\\/Pflegekrafte-Verfahrenscheck-fur-Arbeitgeber.webp\",\"datePublished\":\"2026-04-27T07:52:02+00:00\",\"dateModified\":\"2026-04-28T08:27:05+00:00\",\"description\":\"Welcher Verfahrensweg passt f\u00fcr Ihre internationale Pflegekraft? Nutzen Sie den Verfahrenscheck f\u00fcr Arbeitgeber und erhalten Sie eine erste Einsch\u00e4tzung.\",\"breadcrumb\":{\"@id\":\"https:\\\/\\\/www.talentorbit.de\\\/pflegekraefte-verfahrenscheck-fuer-arbeitgeber\\\/#breadcrumb\"},\"inLanguage\":\"en-US\",\"potentialAction\":[{\"@type\":\"ReadAction\",\"target\":[\"https:\\\/\\\/www.talentorbit.de\\\/pflegekraefte-verfahrenscheck-fuer-arbeitgeber\\\/\"]}]},{\"@type\":\"ImageObject\",\"inLanguage\":\"en-US\",\"@id\":\"https:\\\/\\\/www.talentorbit.de\\\/pflegekraefte-verfahrenscheck-fuer-arbeitgeber\\\/#primaryimage\",\"url\":\"https:\\\/\\\/www.talentorbit.de\\\/wp-content\\\/uploads\\\/Pflegekrafte-Verfahrenscheck-fur-Arbeitgeber.webp\",\"contentUrl\":\"https:\\\/\\\/www.talentorbit.de\\\/wp-content\\\/uploads\\\/Pflegekrafte-Verfahrenscheck-fur-Arbeitgeber.webp\",\"width\":1672,\"height\":941,\"caption\":\"Pflegekr\u00e4fte-Verfahrenscheck f\u00fcr Arbeitgeber\"},{\"@type\":\"BreadcrumbList\",\"@id\":\"https:\\\/\\\/www.talentorbit.de\\\/pflegekraefte-verfahrenscheck-fuer-arbeitgeber\\\/#breadcrumb\",\"itemListElement\":[{\"@type\":\"ListItem\",\"position\":1,\"name\":\"Home\",\"item\":\"https:\\\/\\\/www.talentorbit.de\\\/\"},{\"@type\":\"ListItem\",\"position\":2,\"name\":\"Pflegekr\u00e4fte-Verfahrenscheck f\u00fcr Arbeitgeber\"}]},{\"@type\":\"WebSite\",\"@id\":\"https:\\\/\\\/www.talentorbit.de\\\/#website\",\"url\":\"https:\\\/\\\/www.talentorbit.de\\\/\",\"name\":\"TalentOrbit\",\"description\":\"\",\"publisher\":{\"@id\":\"https:\\\/\\\/www.talentorbit.de\\\/#organization\"},\"potentialAction\":[{\"@type\":\"SearchAction\",\"target\":{\"@type\":\"EntryPoint\",\"urlTemplate\":\"https:\\\/\\\/www.talentorbit.de\\\/?s={search_term_string}\"},\"query-input\":{\"@type\":\"PropertyValueSpecification\",\"valueRequired\":true,\"valueName\":\"search_term_string\"}}],\"inLanguage\":\"en-US\"},{\"@type\":\"Organization\",\"@id\":\"https:\\\/\\\/www.talentorbit.de\\\/#organization\",\"name\":\"Talentorbit\",\"url\":\"https:\\\/\\\/www.talentorbit.de\\\/\",\"logo\":{\"@type\":\"ImageObject\",\"inLanguage\":\"en-US\",\"@id\":\"https:\\\/\\\/www.talentorbit.de\\\/#\\\/schema\\\/logo\\\/image\\\/\",\"url\":\"https:\\\/\\\/www.talentorbit.de\\\/wp-content\\\/uploads\\\/logo.webp\",\"contentUrl\":\"https:\\\/\\\/www.talentorbit.de\\\/wp-content\\\/uploads\\\/logo.webp\",\"width\":157,\"height\":42,\"caption\":\"Talentorbit\"},\"image\":{\"@id\":\"https:\\\/\\\/www.talentorbit.de\\\/#\\\/schema\\\/logo\\\/image\\\/\"}}]}<\/script>\n<!-- \/ Yoast SEO plugin. -->","yoast_head_json":{"title":"Caregiver Procedure Check for Employers - TalentOrbit","description":"Which procedure is suitable for your international nursing staff? Use the employer's procedure check to get an initial assessment.","robots":{"index":"index","follow":"follow","max-snippet":"max-snippet:-1","max-image-preview":"max-image-preview:large","max-video-preview":"max-video-preview:-1"},"canonical":"https:\/\/www.talentorbit.de\/en\/caregiver-process-check-for-employers\/","og_locale":"en_US","og_type":"article","og_title":"Pflegekr\u00e4fte-Verfahrenscheck f\u00fcr Arbeitgeber - TalentOrbit","og_description":"Welcher Verfahrensweg passt f\u00fcr Ihre internationale Pflegekraft? Nutzen Sie den Verfahrenscheck f\u00fcr Arbeitgeber und erhalten Sie eine erste Einsch\u00e4tzung.","og_url":"https:\/\/www.talentorbit.de\/en\/caregiver-process-check-for-employers\/","og_site_name":"TalentOrbit","article_modified_time":"2026-04-28T08:27:05+00:00","og_image":[{"width":1672,"height":941,"url":"https:\/\/www.talentorbit.de\/wp-content\/uploads\/Pflegekrafte-Verfahrenscheck-fur-Arbeitgeber.webp","type":"image\/webp"}],"twitter_card":"summary_large_image","twitter_misc":{"Est. reading time":"2 minutes"},"schema":{"@context":"https:\/\/schema.org","@graph":[{"@type":"WebPage","@id":"https:\/\/www.talentorbit.de\/pflegekraefte-verfahrenscheck-fuer-arbeitgeber\/","url":"https:\/\/www.talentorbit.de\/pflegekraefte-verfahrenscheck-fuer-arbeitgeber\/","name":"Caregiver Procedure Check for Employers - TalentOrbit","isPartOf":{"@id":"https:\/\/www.talentorbit.de\/#website"},"primaryImageOfPage":{"@id":"https:\/\/www.talentorbit.de\/pflegekraefte-verfahrenscheck-fuer-arbeitgeber\/#primaryimage"},"image":{"@id":"https:\/\/www.talentorbit.de\/pflegekraefte-verfahrenscheck-fuer-arbeitgeber\/#primaryimage"},"thumbnailUrl":"https:\/\/www.talentorbit.de\/wp-content\/uploads\/Pflegekrafte-Verfahrenscheck-fur-Arbeitgeber.webp","datePublished":"2026-04-27T07:52:02+00:00","dateModified":"2026-04-28T08:27:05+00:00","description":"Which procedure is suitable for your international nursing staff? Use the employer's procedure check to get an initial assessment.","breadcrumb":{"@id":"https:\/\/www.talentorbit.de\/pflegekraefte-verfahrenscheck-fuer-arbeitgeber\/#breadcrumb"},"inLanguage":"en-US","potentialAction":[{"@type":"ReadAction","target":["https:\/\/www.talentorbit.de\/pflegekraefte-verfahrenscheck-fuer-arbeitgeber\/"]}]},{"@type":"ImageObject","inLanguage":"en-US","@id":"https:\/\/www.talentorbit.de\/pflegekraefte-verfahrenscheck-fuer-arbeitgeber\/#primaryimage","url":"https:\/\/www.talentorbit.de\/wp-content\/uploads\/Pflegekrafte-Verfahrenscheck-fur-Arbeitgeber.webp","contentUrl":"https:\/\/www.talentorbit.de\/wp-content\/uploads\/Pflegekrafte-Verfahrenscheck-fur-Arbeitgeber.webp","width":1672,"height":941,"caption":"Pflegekr\u00e4fte-Verfahrenscheck f\u00fcr Arbeitgeber"},{"@type":"BreadcrumbList","@id":"https:\/\/www.talentorbit.de\/pflegekraefte-verfahrenscheck-fuer-arbeitgeber\/#breadcrumb","itemListElement":[{"@type":"ListItem","position":1,"name":"Home","item":"https:\/\/www.talentorbit.de\/"},{"@type":"ListItem","position":2,"name":"Pflegekr\u00e4fte-Verfahrenscheck f\u00fcr Arbeitgeber"}]},{"@type":"WebSite","@id":"https:\/\/www.talentorbit.de\/#website","url":"https:\/\/www.talentorbit.de\/","name":"TalentOrbit","description":"","publisher":{"@id":"https:\/\/www.talentorbit.de\/#organization"},"potentialAction":[{"@type":"SearchAction","target":{"@type":"EntryPoint","urlTemplate":"https:\/\/www.talentorbit.de\/?s={search_term_string}"},"query-input":{"@type":"PropertyValueSpecification","valueRequired":true,"valueName":"search_term_string"}}],"inLanguage":"en-US"},{"@type":"Organization","@id":"https:\/\/www.talentorbit.de\/#organization","name":"Talent orbit","url":"https:\/\/www.talentorbit.de\/","logo":{"@type":"ImageObject","inLanguage":"en-US","@id":"https:\/\/www.talentorbit.de\/#\/schema\/logo\/image\/","url":"https:\/\/www.talentorbit.de\/wp-content\/uploads\/logo.webp","contentUrl":"https:\/\/www.talentorbit.de\/wp-content\/uploads\/logo.webp","width":157,"height":42,"caption":"Talentorbit"},"image":{"@id":"https:\/\/www.talentorbit.de\/#\/schema\/logo\/image\/"}}]}},"_links":{"self":[{"href":"https:\/\/www.talentorbit.de\/en\/wp-json\/wp\/v2\/pages\/1068","targetHints":{"allow":["GET"]}}],"collection":[{"href":"https:\/\/www.talentorbit.de\/en\/wp-json\/wp\/v2\/pages"}],"about":[{"href":"https:\/\/www.talentorbit.de\/en\/wp-json\/wp\/v2\/types\/page"}],"author":[{"embeddable":true,"href":"https:\/\/www.talentorbit.de\/en\/wp-json\/wp\/v2\/users\/5"}],"replies":[{"embeddable":true,"href":"https:\/\/www.talentorbit.de\/en\/wp-json\/wp\/v2\/comments?post=1068"}],"version-history":[{"count":8,"href":"https:\/\/www.talentorbit.de\/en\/wp-json\/wp\/v2\/pages\/1068\/revisions"}],"predecessor-version":[{"id":1079,"href":"https:\/\/www.talentorbit.de\/en\/wp-json\/wp\/v2\/pages\/1068\/revisions\/1079"}],"wp:featuredmedia":[{"embeddable":true,"href":"https:\/\/www.talentorbit.de\/en\/wp-json\/wp\/v2\/media\/1078"}],"wp:attachment":[{"href":"https:\/\/www.talentorbit.de\/en\/wp-json\/wp\/v2\/media?parent=1068"}],"curies":[{"name":"wp","href":"https:\/\/api.w.org\/{rel}","templated":true}]}}